{"id":4,"date":"2011-06-27T16:29:42","date_gmt":"2011-06-27T16:29:42","guid":{"rendered":"http:\/\/wp.orsakvarn.se\/index.php\/uthyrning\/"},"modified":"2018-05-28T16:10:48","modified_gmt":"2018-05-28T16:10:48","slug":"uthyrning","status":"publish","type":"page","link":"https:\/\/orsakvarn.se\/index.php\/uthyrning\/","title":{"rendered":"Uthyrning"},"content":{"rendered":"<p>K\u00e4nner du att det finns tid att k\u00f6ra sj\u00e4lv men saknar r\u00e4tta grejerna f\u00f6r att utf\u00f6ra stord\u00e5d?\u00a0Vi har ett antal maskiner och sl\u00e4p\u00a0till uthyrning.<\/p>\n<p>Bland annat v\u00e5r minitraktor, Avant 220,\u00a0utrustad med 2 st skopor, hyudraliskt sn\u00f6blad, hydraulisk dynggrep och pallgafflar,\u00a0v\u00e4ger endast 600 kg s\u00e5 du flyttar den l\u00e4tt p\u00e5 en vanlig sl\u00e4pvagn!<\/p>\n<p>Vi har \u00e4ven 2 st H\u00e4sttransporter f\u00f6r uthyrning en ny Thule vagn samt ett beg Ume sl\u00e4p, pris fr\u00e5n 350:-\/dygn.<\/p>\n<p>Totalvikten p\u00e5 Thulesl\u00e4pet \u00e4r 1250 kg och p\u00e5 Ume-sl\u00e4pet 1380 kg.<\/p>\n<p>V\u00e5r entrepenadvagn har en totalvikt p\u00e5 2300 kg och\u00a0klarar en maxlast p\u00e5\u00a01590 kg.<\/p>\n<p>Har du ved du vill klyva??? Hyr v\u00e5r vedklyv ifr\u00e5n Per Wikstrands, fungerar utm\u00e4rkt \u00e4ven i den grova vedh\u00f6gen!!\u00a0K\u00f6rs p\u00e5 16 Amp.<\/p>\n<p>Hyr en helg,\u00a0dag eller en hel vecka!?<\/p>\n<p>Kontakta oss f\u00f6r mer exakt\u00a0prisuppgift!<\/p>\n<table border=\"0\" cellspacing=\"5\" cellpadding=\"5\" align=\"center\">\n<tbody>\n<tr>\n<td style=\"text-align: center;\"><\/td>\n<td style=\"text-align: center;\"><\/td>\n<\/tr>\n<tr>\n<td>\n<p><figure id=\"attachment_39\" aria-describedby=\"caption-attachment-39\" style=\"width: 300px\" class=\"wp-caption aligncenter\"><img loading=\"lazy\" class=\"wp-image-39 size-full\" src=\"https:\/\/orsakvarn.se\/wp-content\/uploads\/2018\/04\/minitraktor1.jpg\" alt=\"\" width=\"300\" height=\"208\" \/><figcaption id=\"caption-attachment-39\" class=\"wp-caption-text\">Flexibel minitraktor<\/figcaption><\/figure><\/td>\n<td>\n<p><figure id=\"attachment_40\" aria-describedby=\"caption-attachment-40\" style=\"width: 300px\" class=\"wp-caption aligncenter\"><img loading=\"lazy\" class=\"size-full wp-image-40\" src=\"https:\/\/orsakvarn.se\/wp-content\/uploads\/2018\/04\/hastkarra_umea1.jpg\" alt=\"\" width=\"300\" height=\"220\" \/><figcaption id=\"caption-attachment-40\" class=\"wp-caption-text\">H\u00e4stk\u00e4rra begagnad<\/figcaption><\/figure><\/td>\n<\/tr>\n<tr>\n<td>\n<p><figure id=\"attachment_41\" aria-describedby=\"caption-attachment-41\" style=\"width: 300px\" class=\"wp-caption aligncenter\"><img loading=\"lazy\" class=\"size-full wp-image-41\" src=\"https:\/\/orsakvarn.se\/wp-content\/uploads\/2018\/04\/vedklyvhyr_01.jpg\" alt=\"\" width=\"300\" height=\"210\" \/><figcaption id=\"caption-attachment-41\" class=\"wp-caption-text\">Vedklyv<\/figcaption><\/figure><\/td>\n<td>\n<p><figure id=\"attachment_42\" aria-describedby=\"caption-attachment-42\" style=\"width: 300px\" class=\"wp-caption aligncenter\"><img loading=\"lazy\" class=\"size-full wp-image-42\" src=\"https:\/\/orsakvarn.se\/wp-content\/uploads\/2018\/04\/Hastslap_Thule1.jpg\" alt=\"\" width=\"300\" height=\"210\" \/><figcaption id=\"caption-attachment-42\" class=\"wp-caption-text\">H\u00e4stk\u00e4rra ny!<\/figcaption><\/figure><\/td>\n<\/tr>\n<tr>\n<td><\/td>\n<td>\n<p><figure id=\"attachment_43\" aria-describedby=\"caption-attachment-43\" style=\"width: 300px\" class=\"wp-caption aligncenter\"><img loading=\"lazy\" class=\"size-full wp-image-43\" src=\"https:\/\/orsakvarn.se\/wp-content\/uploads\/2018\/04\/oppetslap1.jpg\" alt=\"\" width=\"300\" height=\"206\" \/><figcaption id=\"caption-attachment-43\" class=\"wp-caption-text\">\u00d6ppet boggisl\u00e4p<\/figcaption><\/figure><\/td>\n<\/tr>\n<\/tbody>\n<\/table>\n<p>&nbsp;<\/p>\n<p>&nbsp;<\/p>\n<p>&nbsp;<\/p>\n","protected":false},"excerpt":{"rendered":"<div class=\"mh-excerpt\"><p><P>K\u00e4nner du att det finns tid att k\u00f6ra sj\u00e4lv men saknar r\u00e4tta grejerna f\u00f6r att utf\u00f6ra stord\u00e5d?&nbsp;Vi har ett antal maskiner och sl\u00e4p&nbsp;till uthyrning.<\/P><br \/>\n<P>Bland annat v\u00e5r minitraktor, Avant 220,&nbsp;utrustad med 2 st skopor, hyudraliskt sn\u00f6blad, hydraulisk dynggrep och pallgafflar,&nbsp;v\u00e4ger endast 600 kg s\u00e5 du flyttar den l\u00e4tt p\u00e5 en vanlig sl\u00e4pvagn!&nbsp;<\/P><br \/>\n<P>Vi har \u00e4ven 2 st H\u00e4sttransporter f\u00f6r uthyrning en ny Thule vagn samt ett beg Ume sl\u00e4p, pris fr\u00e5n 350:-\/dygn.<\/P><br \/>\n<P>Totalvikten p\u00e5 Thulesl\u00e4pet \u00e4r 1250 kg och p\u00e5 Ume-sl\u00e4pet 1380 kg.<\/P><br \/>\n<P>V\u00e5r entrepenadvagn har en total<\/p>\n<\/div>","protected":false},"author":1,"featured_media":0,"parent":0,"menu_order":0,"comment_status":"closed","ping_status":"closed","template":"","meta":[],"_links":{"self":[{"href":"https:\/\/orsakvarn.se\/index.php\/wp-json\/wp\/v2\/pages\/4"}],"collection":[{"href":"https:\/\/orsakvarn.se\/index.php\/wp-json\/wp\/v2\/pages"}],"about":[{"href":"https:\/\/orsakvarn.se\/index.php\/wp-json\/wp\/v2\/types\/page"}],"author":[{"embeddable":true,"href":"https:\/\/orsakvarn.se\/index.php\/wp-json\/wp\/v2\/users\/1"}],"replies":[{"embeddable":true,"href":"https:\/\/orsakvarn.se\/index.php\/wp-json\/wp\/v2\/comments?post=4"}],"version-history":[{"count":4,"href":"https:\/\/orsakvarn.se\/index.php\/wp-json\/wp\/v2\/pages\/4\/revisions"}],"predecessor-version":[{"id":195,"href":"https:\/\/orsakvarn.se\/index.php\/wp-json\/wp\/v2\/pages\/4\/revisions\/195"}],"wp:attachment":[{"href":"https:\/\/orsakvarn.se\/index.php\/wp-json\/wp\/v2\/media?parent=4"}],"curies":[{"name":"wp","href":"https:\/\/api.w.org\/{rel}","templated":true}]}}