{"id":1,"date":"2011-06-27T16:25:06","date_gmt":"2011-06-27T16:25:06","guid":{"rendered":"http:\/\/wp.orsakvarn.se\/index.php\/orsa-kvarn-ab-historik\/"},"modified":"2018-05-28T16:05:31","modified_gmt":"2018-05-28T16:05:31","slug":"orsa-kvarn-ab-historik","status":"publish","type":"page","link":"https:\/\/orsakvarn.se\/index.php\/orsa-kvarn-ab-historik\/","title":{"rendered":"Orsa Kvarn AB historik"},"content":{"rendered":"<p><img loading=\"lazy\" class=\"alignright wp-image-45 size-full\" src=\"https:\/\/orsakvarn.se\/wp-content\/uploads\/2018\/04\/historia_traktor1.jpg\" alt=\"\" width=\"300\" height=\"199\" \/><\/p>\n<p>H\u00e4r \u00e4r historen om Orsa kvarn<\/p>\n<p>Orsa Kvarns historia b\u00f6rjar omkring 1955 d\u00e5 den nya kvarnen invigs p\u00e5\u00a0Born i Orsa.<\/p>\n<p>D\u00e5 en fullt modern kvarn med 2 stenkvarnar 1 foderkross 1 valsstol tork till spannm\u00e5l.<\/p>\n<p>Bilden till h\u00f6ger visar svunna tider\u00a0d\u00e5 traktorn sakta men s\u00e4kert \u00f6vertar h\u00e4stens roll i jordbruket.<\/p>\n<table border=\"0\" cellspacing=\"20\" align=\"center\">\n<tbody>\n<tr>\n<td align=\"center\"><\/td>\n<td><\/td>\n<\/tr>\n<tr>\n<td>\n<figure id=\"attachment_46\" aria-describedby=\"caption-attachment-46\" style=\"width: 300px\" class=\"wp-caption aligncenter\"><img loading=\"lazy\" class=\"wp-image-46 size-full\" src=\"https:\/\/orsakvarn.se\/wp-content\/uploads\/2018\/04\/historia_hus1.jpg\" alt=\"\" width=\"300\" height=\"174\" \/><figcaption id=\"caption-attachment-46\" class=\"wp-caption-text\">Orsa Kvarn 1955<\/figcaption><\/figure>\n<p>&nbsp;<\/p>\n<p>&nbsp;<\/p>\n<p>Orsa kvarn har en Valsstol d\u00e4r fint mj\u00f6l mals t ex. Kornmj\u00f6l som \u00e4r ett mycket popul\u00e4rt mj\u00f6l bland traktens tunnbr\u00f6dsbagare.<\/p>\n<p>&nbsp;<\/p>\n<p>&nbsp;<\/p>\n<p>&nbsp;<\/p>\n<p>&nbsp;<\/p>\n<p>&nbsp;<\/p>\n<p>&nbsp;<\/p>\n<p>&nbsp;<\/p>\n<p>\u00c4ven om mycket \u00e4ndrats sedan 1955 s\u00e5 sker mj\u00f6lnandet precis som ig\u00e5r. H\u00e4r st\u00e5r 2011 \u00e5rs mj\u00f6lnare 55 \u00e5r senare \u00e4n ovanst\u00e5ende foto.<\/p>\n<p>&nbsp;<\/p>\n<p>&nbsp;<\/p>\n<p>&nbsp;<\/p>\n<p>&nbsp;<\/p>\n<p>&nbsp;<\/p>\n<p>&nbsp;<\/p>\n<p>&nbsp;<\/p>\n<p>&nbsp;<\/p>\n<p>&nbsp;<\/p>\n<p>&nbsp;<\/p>\n<p>&nbsp;<\/td>\n<td>\n<figure id=\"attachment_47\" aria-describedby=\"caption-attachment-47\" style=\"width: 300px\" class=\"wp-caption aligncenter\"><img loading=\"lazy\" class=\"size-full wp-image-47\" src=\"https:\/\/orsakvarn.se\/wp-content\/uploads\/2018\/04\/historia_mjolnare_01.jpg\" alt=\"\" width=\"300\" height=\"213\" \/><figcaption id=\"caption-attachment-47\" class=\"wp-caption-text\">Mj\u00f6lnare<\/figcaption><\/figure>\n<figure id=\"attachment_48\" aria-describedby=\"caption-attachment-48\" style=\"width: 300px\" class=\"wp-caption aligncenter\"><img loading=\"lazy\" class=\"size-full wp-image-48\" src=\"https:\/\/orsakvarn.se\/wp-content\/uploads\/2018\/04\/historia_maskin1.jpg\" alt=\"\" width=\"300\" height=\"227\" \/><figcaption id=\"caption-attachment-48\" class=\"wp-caption-text\">Kvarnoperat\u00f6r<\/figcaption><\/figure>\n<figure id=\"attachment_49\" aria-describedby=\"caption-attachment-49\" style=\"width: 300px\" class=\"wp-caption aligncenter\"><img loading=\"lazy\" class=\"size-full wp-image-49\" src=\"https:\/\/orsakvarn.se\/wp-content\/uploads\/2018\/04\/johanvidkvarn1.jpg\" alt=\"\" width=\"300\" height=\"215\" \/><figcaption id=\"caption-attachment-49\" class=\"wp-caption-text\">Idag &#8211; Johan Smids \u00f6vervakar!<\/figcaption><\/figure>\n<p><figure id=\"attachment_50\" aria-describedby=\"caption-attachment-50\" style=\"width: 300px\" class=\"wp-caption aligncenter\"><img loading=\"lazy\" class=\"size-full wp-image-50\" src=\"https:\/\/orsakvarn.se\/wp-content\/uploads\/2018\/04\/dragspel1.jpg\" alt=\"\" width=\"300\" height=\"341\" srcset=\"https:\/\/orsakvarn.se\/wp-content\/uploads\/2018\/04\/dragspel1.jpg 300w, https:\/\/orsakvarn.se\/wp-content\/uploads\/2018\/04\/dragspel1-264x300.jpg 264w\" sizes=\"(max-width: 300px) 100vw, 300px\" \/><figcaption id=\"caption-attachment-50\" class=\"wp-caption-text\">Ryck i dom h\u00e4r och ut kommer mj\u00f6l!<\/figcaption><\/figure><\/td>\n<\/tr>\n<\/tbody>\n<\/table>\n","protected":false},"excerpt":{"rendered":"<div class=\"mh-excerpt\"><p><P>[[wysiwyg_imageupload:15:]]H\u00e4r \u00e4r historen om Orsa kvarn<\/P><br \/>\n<P>Orsa Kvarns historia b\u00f6rjar omkring 1955 d\u00e5 den nya kvarnen invigs p\u00e5&nbsp;Born i Orsa.<\/P><br \/>\n<P>D\u00e5 en fullt modern kvarn med 2 stenkvarnar 1 foderkross 1 valsstol tork till spannm\u00e5l.<\/P><br \/>\n<P>Bilden till h\u00f6ger visar svunna tider&nbsp;d\u00e5 traktorn sakta men s\u00e4kert \u00f6vertar h\u00e4stens roll i jordbruket.<\/P><br \/>\n<TABLE border=0 cellSpacing=20 align=center><br \/>\n<TBODY><br \/>\n<TR><br \/>\n<TD align=middle>[[wysiwyg_imageupload:11:height=214,width=343]]<\/TD><br \/>\n<TD>&nbsp;[[wysiwyg_imageupload:13:]]<\/TD><\/TR><br \/>\n<TR><br \/>\n<TD><br \/>\n<P>&nbsp;Orsa kvarn har en Valsstol d<\/p>\n<\/div>","protected":false},"author":1,"featured_media":0,"parent":0,"menu_order":0,"comment_status":"closed","ping_status":"closed","template":"","meta":[],"_links":{"self":[{"href":"https:\/\/orsakvarn.se\/index.php\/wp-json\/wp\/v2\/pages\/1"}],"collection":[{"href":"https:\/\/orsakvarn.se\/index.php\/wp-json\/wp\/v2\/pages"}],"about":[{"href":"https:\/\/orsakvarn.se\/index.php\/wp-json\/wp\/v2\/types\/page"}],"author":[{"embeddable":true,"href":"https:\/\/orsakvarn.se\/index.php\/wp-json\/wp\/v2\/users\/1"}],"replies":[{"embeddable":true,"href":"https:\/\/orsakvarn.se\/index.php\/wp-json\/wp\/v2\/comments?post=1"}],"version-history":[{"count":16,"href":"https:\/\/orsakvarn.se\/index.php\/wp-json\/wp\/v2\/pages\/1\/revisions"}],"predecessor-version":[{"id":187,"href":"https:\/\/orsakvarn.se\/index.php\/wp-json\/wp\/v2\/pages\/1\/revisions\/187"}],"wp:attachment":[{"href":"https:\/\/orsakvarn.se\/index.php\/wp-json\/wp\/v2\/media?parent=1"}],"curies":[{"name":"wp","href":"https:\/\/api.w.org\/{rel}","templated":true}]}}